{"id":148024,"date":"2025-02-25T12:22:23","date_gmt":"2025-02-25T11:22:23","guid":{"rendered":"https:\/\/secureus.se\/?post_type=product&#038;p=148024"},"modified":"2026-04-23T10:18:26","modified_gmt":"2026-04-23T08:18:26","slug":"plejd-vridadapter-rtr-01-eb-svart","status":"publish","type":"product","link":"https:\/\/secureus.se\/fi\/plejd-vridadapter-rtr-01-eb-svart\/","title":{"rendered":"Plejd K\u00e4\u00e4ntyv\u00e4 sovitin RTR-01-EB musta"},"content":{"rendered":"<h1 data-start=\"448\" data-end=\"508\"><strong data-start=\"452\" data-end=\"506\">Yhdist\u00e4 klassinen himmennystoiminto \u00e4lykk\u00e4\u00e4seen tekniikkaan<\/strong><\/h1>\n<p data-start=\"509\" data-end=\"885\">K\u00e4\u00e4ntyv\u00e4 adapteri EB Black on tyylik\u00e4s ja toimiva ratkaisu \u00e4lykk\u00e4\u00e4seen valaistuksen hallintaan.<\/p>\n<p data-start=\"509\" data-end=\"885\">Napsauttamalla sovitinta yhdess\u00e4 valitsemasi Plejd-kiekon kanssa saat perinteisen py\u00f6riv\u00e4n himmentimen, jota voidaan ohjata sek\u00e4 manuaalisesti ett\u00e4 langattomasti Plejd-j\u00e4rjestelm\u00e4n mesh-tekniikan avulla.<\/p>\n<p data-start=\"509\" data-end=\"885\">T\u00e4m\u00e4 tekee siit\u00e4 ihanteellisen sek\u00e4 moderneihin koteihin ett\u00e4 ammattik\u00e4ytt\u00f6\u00f6n, jossa joustavuus ja muotoilu ovat t\u00e4rkeit\u00e4 tekij\u00f6it\u00e4.<\/p>\n<h3 data-start=\"887\" data-end=\"936\"><strong data-start=\"891\" data-end=\"934\">Langaton ja joustava valaistuksen ohjaus<\/strong><\/h3>\n<p data-start=\"937\" data-end=\"1312\">Yksi EB Black Swivel Adapterin suurista eduista on sen kyky toimia Plejdin ekosysteemiss\u00e4.<\/p>\n<p data-start=\"937\" data-end=\"1312\">Langattoman mesh-tekniikan avulla se voi ohjata muita Plejd-laitteita ja integroida saumattomasti olemassa olevaan j\u00e4rjestelm\u00e4\u00e4si.<\/p>\n<p data-start=\"937\" data-end=\"1312\">Sovittimen kanssa k\u00e4ytetty kiekko s\u00e4ilytt\u00e4\u00e4 toimintonsa, kuten ohjaustulo- ja ajoitusasetukset, joten voit ohjata valaistusta useilla eri painikkeilla.<\/p>\n<h3 data-start=\"1314\" data-end=\"1354\"><strong data-start=\"1318\" data-end=\"1352\">Tuotteen ominaisuudet ja edut<\/strong><\/h3>\n<ul data-start=\"1356\" data-end=\"2079\">\n<li data-start=\"1356\" data-end=\"1445\"><strong data-start=\"1358\" data-end=\"1389\">Klassinen py\u00f6riv\u00e4 himmennintoiminto<\/strong> \u2013 Tarjoaa perinteisen tunnelman modernilla \u00e4lytekniikalla.<\/li>\n<li data-start=\"1446\" data-end=\"1520\"><strong data-start=\"1448\" data-end=\"1471\">Langaton integrointi<\/strong> \u2013 Ohjaa muita Plejd-laitteita mesh-verkon kautta.<\/li>\n<li data-start=\"1521\" data-end=\"1591\"><strong data-start=\"1523\" data-end=\"1545\">Yksinkertainen asennus<\/strong> \u2013 Nepparikiinnitys laatikossa tai kaksoiskehyksess\u00e4.<\/li>\n<li data-start=\"1592\" data-end=\"1655\"><strong data-start=\"1594\" data-end=\"1612\">Tyylik\u00e4s muotoilu<\/strong> \u2013 Lakattu, mattapinta mustana (RAL 9005).<\/li>\n<li data-start=\"1656\" data-end=\"1754\"><strong data-start=\"1658\" data-end=\"1680\">Joustava kiinnitys<\/strong> \u2013 Voidaan asentaa vapaasti seisovaan tai kaksoisrunkoon tavallisella valokytkimell\u00e4.<\/li>\n<li data-start=\"1755\" data-end=\"1843\"><strong data-start=\"1757\" data-end=\"1778\">Kest\u00e4v\u00e4 materiaali<\/strong> \u2013 Valmistettu halogeenivapaasta kestomuovista pitk\u00e4kestoiseksi.<\/li>\n<li data-start=\"1844\" data-end=\"1924\"><strong data-start=\"1846\" data-end=\"1861\">Sovelluksen hallinta<\/strong> \u2013 Konfigurointi ja asetukset tehd\u00e4\u00e4n helposti Plejd-sovelluksessa.<\/li>\n<li data-start=\"1925\" data-end=\"2004\"><strong data-start=\"1927\" data-end=\"1958\">Sopii ELKO\u00ae Plus -kehyksiin<\/strong> \u2013 Tasaiseen ja tyylikk\u00e4\u00e4seen asennukseen.<\/li>\n<li data-start=\"2005\" data-end=\"2079\"><strong data-start=\"2007\" data-end=\"2031\">Saatavilla useissa v\u00e4reiss\u00e4<\/strong> \u2013 Mukauta sisustukseen sopivaksi eri v\u00e4rivaihtoehdoilla.<\/li>\n<\/ul>\n<h3 data-start=\"2081\" data-end=\"2140\"><strong data-start=\"2085\" data-end=\"2138\">T\u00e4ydellinen \u00e4lykk\u00e4isiin koteihin ja ammattiymp\u00e4rist\u00f6ihin<\/strong><\/h3>\n<p data-start=\"2141\" data-end=\"2350\">Py\u00f6riv\u00e4 EB Black -adapteri on t\u00e4ydellinen ratkaisu niille, jotka haluavat tyylik\u00e4st\u00e4 ja toimivaa valaistuksen ohjausta.<\/p>\n<p data-start=\"2141\" data-end=\"2350\">Se sopii yht\u00e4 hyvin moderneihin koteihin ja toimistoymp\u00e4rist\u00f6ihin, joissa haluat yhdist\u00e4\u00e4 tyylin \u00e4lykk\u00e4isiin toimintoihin.<\/p>\n<h3 data-start=\"2352\" data-end=\"2389\"><strong data-start=\"2356\" data-end=\"2387\">Asennus ja k\u00e4ytt\u00f6<\/strong><\/h3>\n<p data-start=\"2390\" data-end=\"2447\">Asennus on yksinkertaista eik\u00e4 vaadi erikoisty\u00f6kaluja:<\/p>\n<ol data-start=\"2449\" data-end=\"2868\">\n<li data-start=\"2449\" data-end=\"2547\"><strong data-start=\"2452\" data-end=\"2498\">Napsauta k\u00e4\u00e4nt\u00f6sovitinta yhdess\u00e4 Plejd-kiekon kanssa<\/strong> \u2013 Valitse yhteensopiva kiekko Plejdin valikoimasta.<\/li>\n<li data-start=\"2548\" data-end=\"2658\"><strong data-start=\"2551\" data-end=\"2571\">Kiinnit\u00e4 sovitin<\/strong> \u2013 Kiinnit\u00e4 se laatikkoon tai kaksoiskehykseen tavallisella valokytkimell\u00e4.<\/li>\n<li data-start=\"2659\" data-end=\"2759\"><strong data-start=\"2662\" data-end=\"2687\">M\u00e4\u00e4rit\u00e4 sovelluksen kautta<\/strong> \u2013 S\u00e4\u00e4d\u00e4 kirkkautta, skenaarioita ja muita toimintoja Plejd-sovelluksen kautta.<\/li>\n<li data-start=\"2760\" data-end=\"2868\"><strong data-start=\"2763\" data-end=\"2790\">Aloita valaistuksen hallinta<\/strong> \u2013 Himmenn\u00e4 valoa nupilla tai k\u00e4yt\u00e4 Plejd-j\u00e4rjestelm\u00e4n langattomia toimintoja.<\/li>\n<\/ol>\n<p data-start=\"2870\" data-end=\"3007\">Joustava kiinnitys mahdollistaa k\u00e4\u00e4nt\u00f6sovittimen EB Black asentamisen sek\u00e4 itsen\u00e4isesti ett\u00e4 yhdess\u00e4 muiden Plejd-laitteiden kanssa.<\/p>\n<h3 data-start=\"3009\" data-end=\"3043\"><strong data-start=\"3013\" data-end=\"3041\">Tekniset tiedot<\/strong><\/h3>\n<ul data-start=\"3045\" data-end=\"3595\">\n<li data-start=\"3045\" data-end=\"3065\"><strong data-start=\"3047\" data-end=\"3058\">Malli:<\/strong> Tuhota<\/li>\n<li data-start=\"3066\" data-end=\"3105\"><strong data-start=\"3068\" data-end=\"3090\">Toimintatapa:<\/strong> Py\u00f6rimistoiminto<\/li>\n<li data-start=\"3106\" data-end=\"3138\"><strong data-start=\"3108\" data-end=\"3130\">Tiivistystyyppi:<\/strong> Snap<\/li>\n<li data-start=\"3139\" data-end=\"3180\"><strong data-start=\"3141\" data-end=\"3154\">Materiaali:<\/strong> Termoplastinen (halogeeniton)<\/li>\n<li data-start=\"3181\" data-end=\"3221\"><strong data-start=\"3183\" data-end=\"3200\">Pintak\u00e4sittely:<\/strong> Lakattu, mattapinta<\/li>\n<li data-start=\"3222\" data-end=\"3252\"><strong data-start=\"3224\" data-end=\"3233\">Maali:<\/strong> Musta (RAL 9005)<\/li>\n<li data-start=\"3253\" data-end=\"3293\"><strong data-start=\"3255\" data-end=\"3268\">IP-luokka:<\/strong> IP20 (sis\u00e4k\u00e4ytt\u00f6\u00f6n)<\/li>\n<li data-start=\"3294\" data-end=\"3320\"><strong data-start=\"3296\" data-end=\"3313\">Iskunkest\u00e4vyys:<\/strong> IK00<\/li>\n<li data-start=\"3321\" data-end=\"3341\"><strong data-start=\"3323\" data-end=\"3333\">Leveys:<\/strong> 55 mm<\/li>\n<li data-start=\"3342\" data-end=\"3361\"><strong data-start=\"3344\" data-end=\"3353\">Korkeus:<\/strong> 55 mm<\/li>\n<li data-start=\"3362\" data-end=\"3381\"><strong data-start=\"3364\" data-end=\"3373\">Syvyys:<\/strong> 18 mm<\/li>\n<li data-start=\"3382\" data-end=\"3436\"><strong data-start=\"3384\" data-end=\"3430\">Soveltuu v\u00e4yl\u00e4j\u00e4rjestelmien kosketusanturille:<\/strong> Ei<\/li>\n<li data-start=\"3437\" data-end=\"3480\"><strong data-start=\"3439\" data-end=\"3474\">Skannattava symboli \/ esteet\u00f6n:<\/strong> Ei<\/li>\n<li data-start=\"3481\" data-end=\"3514\"><strong data-start=\"3483\" data-end=\"3508\">Tulostettavalla etiketill\u00e4:<\/strong> Ei<\/li>\n<li data-start=\"3515\" data-end=\"3552\"><strong data-start=\"3517\" data-end=\"3546\">Vaihdettavalla objektiivilla\/symbolilla:<\/strong> Ei<\/li>\n<li data-start=\"3553\" data-end=\"3595\"><strong data-start=\"3555\" data-end=\"3589\">Valvontaikkuna\/valopistorasia:<\/strong> Ei<\/li>\n<\/ul>\n<h3 data-start=\"3597\" data-end=\"3644\"><strong data-start=\"3601\" data-end=\"3642\">Suunnittelu ja toiminta t\u00e4ydellisess\u00e4 harmoniassa<\/strong><\/h3>\n<p data-start=\"3645\" data-end=\"3911\">Musta, mattapintainen pinta ja yhteensopivuus ELKO\u00ae Plus -kehysten kanssa tekev\u00e4t Swivel Adapter EB Blackista tyylikk\u00e4\u00e4n valinnan kaikenlaisiin ymp\u00e4rist\u00f6ihin.<\/p>\n<p data-start=\"3645\" data-end=\"3911\">Minimalistinen muotoilu sulautuu hienosti moderniin sisustukseen ja tarjoaa t\u00e4yden hallinnan valaistukseen.<\/p>\n<h3 data-start=\"3913\" data-end=\"3931\"><strong data-start=\"3917\" data-end=\"3929\">Johtop\u00e4\u00e4t\u00f6s<\/strong><\/h3>\n<p data-start=\"3932\" data-end=\"4243\">Py\u00f6riv\u00e4 adapteri EB Black on tyylik\u00e4s ja \u00e4lyk\u00e4s valaistuksen ohjausratkaisu, joka yhdist\u00e4\u00e4 klassisen py\u00f6riv\u00e4n himmentimen toiminnon moderniin langattomaan tekniikkaan.<\/p>\n<p data-start=\"3932\" data-end=\"4243\">Helppo asennus, tyylik\u00e4s muotoilu ja integrointi Plejd-j\u00e4rjestelm\u00e4\u00e4n tekev\u00e4t siit\u00e4 ilmeisen valinnan niin yksityishenkil\u00f6ille kuin ammattiasentajille.<\/p>","protected":false},"excerpt":{"rendered":"<p>Py\u00f6riv\u00e4 EB Black -adapteri napsahtaa yhteen valinnaisen Plejd-kiekon kanssa ja toimii perinteisen\u00e4 py\u00f6riv\u00e4n\u00e4 himmentimen\u00e4.<\/p>\n<p>Langattoman mesh-tekniikan avulla se voi ohjata muita Plejd-laitteita.<\/p>\n<p>Helppo asennus ja konfigurointi Plejd-sovelluksen kautta.<\/p>\n<p>Sopii mustaan ELKO\u00ae Plus -runkoon.<\/p>","protected":false},"featured_media":148023,"template":"","meta":{"_acf_changed":false},"product_brand":[],"product_cat":[4661],"product_tag":[4670],"class_list":{"0":"post-148024","1":"product","2":"type-product","3":"status-publish","4":"has-post-thumbnail","6":"product_cat-plejd-vridadapter","7":"product_tag-plejd","8":"product_shipping_class-postnord-varubrev","9":"pa_brands-plejd","10":"pa_farg-svart","11":"tm-has-options","13":"first","14":"instock","15":"sale","16":"taxable","17":"shipping-taxable","18":"purchasable","19":"product-type-simple"},"acf":[],"_links":{"self":[{"href":"https:\/\/secureus.se\/fi\/wp-json\/wp\/v2\/product\/148024","targetHints":{"allow":["GET"]}}],"collection":[{"href":"https:\/\/secureus.se\/fi\/wp-json\/wp\/v2\/product"}],"about":[{"href":"https:\/\/secureus.se\/fi\/wp-json\/wp\/v2\/types\/product"}],"wp:featuredmedia":[{"embeddable":true,"href":"https:\/\/secureus.se\/fi\/wp-json\/wp\/v2\/media\/148023"}],"wp:attachment":[{"href":"https:\/\/secureus.se\/fi\/wp-json\/wp\/v2\/media?parent=148024"}],"wp:term":[{"taxonomy":"product_brand","embeddable":true,"href":"https:\/\/secureus.se\/fi\/wp-json\/wp\/v2\/product_brand?post=148024"},{"taxonomy":"product_cat","embeddable":true,"href":"https:\/\/secureus.se\/fi\/wp-json\/wp\/v2\/product_cat?post=148024"},{"taxonomy":"product_tag","embeddable":true,"href":"https:\/\/secureus.se\/fi\/wp-json\/wp\/v2\/product_tag?post=148024"}],"curies":[{"name":"wp","href":"https:\/\/api.w.org\/{rel}","templated":true}]}}