{"id":160066,"date":"2025-11-21T11:12:27","date_gmt":"2025-11-21T10:12:27","guid":{"rendered":"https:\/\/secureus.se\/?post_type=product&#038;p=160066"},"modified":"2026-04-23T13:10:50","modified_gmt":"2026-04-23T11:10:50","slug":"axis-tu6007-e-kabel-8m","status":"publish","type":"product","link":"https:\/\/secureus.se\/fi\/axis-tu6007-e-kabel-8m\/","title":{"rendered":"AXIS TU6007-E -kaapeli, 8 m"},"content":{"rendered":"<h1>AXIS TU6007-E -kaapeli, 8 m<\/h1>\n<div class=\"dad65929\">\n<div class=\"_4f9bf79 d7dc56a8 _43c05b5\">\n<div class=\"ds-message _63c77b1\">\n<div class=\"ds-markdown\">\n<p class=\"ds-markdown-paragraph\"><strong>Tuotekatsaus<\/strong><\/p>\n<p class=\"ds-markdown-paragraph\">Axis TU6007-E on kest\u00e4v\u00e4 ja joustava kaapeli, joka on kehitetty erityisesti Axis F-sarjan toisen sukupolven modulaarisille kameroille.<\/p>\n<p class=\"ds-markdown-paragraph\">30 mm:n taivutuss\u00e4teen ja SMA-liittimen IP66\/67-suojauksen ansiosta kaapeli soveltuu sek\u00e4 sis\u00e4- ett\u00e4 ulkok\u00e4ytt\u00f6\u00f6n.<\/p>\n<p class=\"ds-markdown-paragraph\">Sit\u00e4 on saatavana kahtena pituutena \u2013 1 metri ja 8 metri\u00e4 \u2013 ja se on yhteensopiva Axis F91 -p\u00e4\u00e4yksik\u00f6iden sek\u00e4 F21-, F72- ja F41-anturiyksik\u00f6iden kanssa.<\/p>\n<p class=\"ds-markdown-paragraph\"><strong>T\u00e4rkeimm\u00e4t ominaisuudet<\/strong><\/p>\n<ul>\n<li>\n<p class=\"ds-markdown-paragraph\">Vain toisen sukupolven F-sarjan kameroille<\/p>\n<\/li>\n<li>\n<p class=\"ds-markdown-paragraph\">IP66\/67-suojaus (SMA-puoli)<\/p>\n<\/li>\n<li>\n<p class=\"ds-markdown-paragraph\">Taivutuss\u00e4de 30 mm<\/p>\n<\/li>\n<li>\n<p class=\"ds-markdown-paragraph\">Ulkok\u00e4ytt\u00f6\u00f6n tarkoitettu<\/p>\n<\/li>\n<li>\n<p class=\"ds-markdown-paragraph\">Saatavilla 1 metrin ja 8 metrin pituisina<\/p>\n<\/li>\n<\/ul>\n<p class=\"ds-markdown-paragraph\"><strong>Yhteensopivuus<\/strong><\/p>\n<ul>\n<li>\n<p class=\"ds-markdown-paragraph\">Axis F91 -p\u00e4\u00e4yksikk\u00f6<\/p>\n<\/li>\n<li>\n<p class=\"ds-markdown-paragraph\">Axis F21 -anturiyksikk\u00f6<\/p>\n<\/li>\n<li>\n<p class=\"ds-markdown-paragraph\">Axis F72 -anturiyksikk\u00f6<\/p>\n<\/li>\n<li>\n<p class=\"ds-markdown-paragraph\">Axis F41 -anturiyksikk\u00f6<\/p>\n<\/li>\n<\/ul>\n<p class=\"ds-markdown-paragraph\"><strong>Tekniset tiedot<\/strong><\/p>\n<ul>\n<li>\n<p class=\"ds-markdown-paragraph\">Pituus: 8 m (26 jalkaa)<\/p>\n<\/li>\n<li>\n<p class=\"ds-markdown-paragraph\">V\u00e4ri: Musta<\/p>\n<\/li>\n<li>\n<p class=\"ds-markdown-paragraph\">Impedanssi: 50 ohmia<\/p>\n<\/li>\n<li>\n<p class=\"ds-markdown-paragraph\">Taajuus: 0\u20133 GHz<\/p>\n<\/li>\n<li>\n<p class=\"ds-markdown-paragraph\">Liittimet: SMA, FAKRA<\/p>\n<\/li>\n<li>\n<p class=\"ds-markdown-paragraph\">L\u00e4mp\u00f6tila: -40 \u00b0C - +75 \u00b0C<\/p>\n<\/li>\n<li>\n<p class=\"ds-markdown-paragraph\">Paino: 124 g (8 m versio)<\/p>\n<\/li>\n<\/ul>\n<p class=\"ds-markdown-paragraph\"><strong>Sertifikaatit<\/strong><\/p>\n<ul>\n<li>\n<p class=\"ds-markdown-paragraph\">UL CM E164469-F6<\/p>\n<\/li>\n<li>\n<p class=\"ds-markdown-paragraph\">YK:n Euroopan talouskomission s\u00e4\u00e4nt\u00f6 118<\/p>\n<\/li>\n<\/ul>\n<p class=\"ds-markdown-paragraph\">Axis TU6007-E tarjoaa luotettavan liit\u00e4nt\u00e4ratkaisun edistyneille modulaarisille kameraj\u00e4rjestelmille vaativissa ymp\u00e4rist\u00f6iss\u00e4.<\/p>\n<\/div>\n<\/div>\n<\/div>\n<\/div>\n<div class=\"sc-bczRLJ fySwpa\">\n<div class=\"sc-bczRLJ kEeNDb\"><\/div>\n<\/div>","protected":false},"excerpt":{"rendered":"<p>Kest\u00e4v\u00e4 sis\u00e4-\/ulkok\u00e4ytt\u00f6\u00f6n tarkoitettu kaapeli Axis F -sarjalle. IP66\/67-suojausluokka, taivutuss\u00e4de 30 mm.<\/p>\n<p>Yhteensopiva F91:n, F21:n, F72:n ja F41:n kanssa. Kest\u00e4\u00e4 \u00e4\u00e4rimm\u00e4isi\u00e4 l\u00e4mp\u00f6tiloja (-40 \u00b0C - +75 \u00b0C).<\/p>\n<p>T\u00e4ydellinen modulaarisille kameroille vaativissa olosuhteissa.<\/p>","protected":false},"featured_media":160065,"template":"","meta":{"_acf_changed":false},"product_brand":[],"product_cat":[4956],"product_tag":[],"class_list":{"0":"post-160066","1":"product","2":"type-product","3":"status-publish","4":"has-post-thumbnail","6":"product_cat-ovrigt-fran-axis","7":"pa_brands-axis","8":"pa_farg-svart","9":"tm-no-options","11":"first","12":"instock","13":"sale","14":"taxable","15":"shipping-taxable","16":"purchasable","17":"product-type-simple"},"acf":[],"_links":{"self":[{"href":"https:\/\/secureus.se\/fi\/wp-json\/wp\/v2\/product\/160066","targetHints":{"allow":["GET"]}}],"collection":[{"href":"https:\/\/secureus.se\/fi\/wp-json\/wp\/v2\/product"}],"about":[{"href":"https:\/\/secureus.se\/fi\/wp-json\/wp\/v2\/types\/product"}],"wp:featuredmedia":[{"embeddable":true,"href":"https:\/\/secureus.se\/fi\/wp-json\/wp\/v2\/media\/160065"}],"wp:attachment":[{"href":"https:\/\/secureus.se\/fi\/wp-json\/wp\/v2\/media?parent=160066"}],"wp:term":[{"taxonomy":"product_brand","embeddable":true,"href":"https:\/\/secureus.se\/fi\/wp-json\/wp\/v2\/product_brand?post=160066"},{"taxonomy":"product_cat","embeddable":true,"href":"https:\/\/secureus.se\/fi\/wp-json\/wp\/v2\/product_cat?post=160066"},{"taxonomy":"product_tag","embeddable":true,"href":"https:\/\/secureus.se\/fi\/wp-json\/wp\/v2\/product_tag?post=160066"}],"curies":[{"name":"wp","href":"https:\/\/api.w.org\/{rel}","templated":true}]}}