{"id":160058,"date":"2025-11-21T11:12:27","date_gmt":"2025-11-21T10:12:27","guid":{"rendered":"https:\/\/secureus.se\/?post_type=product&#038;p=160058"},"modified":"2026-04-23T13:11:11","modified_gmt":"2026-04-23T11:11:11","slug":"axis-t91b57-stolpfaste-for-robusta-installationer-inomhus-utomhus-pa-stolpar-gra","status":"publish","type":"product","link":"https:\/\/secureus.se\/pl\/axis-t91b57-stolpfaste-for-robusta-installationer-inomhus-utomhus-pa-stolpar-gra\/","title":{"rendered":"Uchwyt na s\u0142up AXIS T91B57 do monta\u017cu na wytrzyma\u0142ych s\u0142upach wewn\u0105trz i na zewn\u0105trz budynk\u00f3w, szary"},"content":{"rendered":"<h1>Uchwyt na s\u0142up AXIS T91B57 do monta\u017cu na wytrzyma\u0142ych s\u0142upach wewn\u0105trz i na zewn\u0105trz budynk\u00f3w, szary<\/h1>\n<div class=\"dad65929\">\n<div class=\"_4f9bf79 d7dc56a8 _43c05b5\">\n<div class=\"ds-message _63c77b1\">\n<div class=\"ds-markdown\">\n<p class=\"ds-markdown-paragraph\"><strong>Przegl\u0105d produktu<\/strong><\/p>\n<p class=\"ds-markdown-paragraph\">Axis T91B57 to solidny aluminiowy uchwyt na maszt przeznaczony do monta\u017cu wewn\u0105trz i na zewn\u0105trz budynk\u00f3w.<\/p>\n<p class=\"ds-markdown-paragraph\">Nadaje si\u0119 do s\u0142upk\u00f3w o \u015brednicy 100\u2013410 mm i jest dostarczany z paskami ze stali nierdzewnej o d\u0142ugo\u015bci 1450 mm ze \u015brubami TX30, co umo\u017cliwia \u0142atwy monta\u017c.<\/p>\n<p class=\"ds-markdown-paragraph\">Uchwyt ma zamkni\u0119t\u0105 tyln\u0105 cz\u0119\u015b\u0107 i uszczelnienie kabla, kt\u00f3re chroni przed owadami.<\/p>\n<p class=\"ds-markdown-paragraph\"><strong>G\u0142\u00f3wne cechy<\/strong><\/p>\n<ul>\n<li>\n<p class=\"ds-markdown-paragraph\">Pasuje do s\u0142upk\u00f3w o \u015brednicy 100\u2013410 mm<\/p>\n<\/li>\n<li>\n<p class=\"ds-markdown-paragraph\">Odporno\u015b\u0107 na akty wandalizmu IK10<\/p>\n<\/li>\n<li>\n<p class=\"ds-markdown-paragraph\">Uszczelnienie kablowe przeciw owadom<\/p>\n<\/li>\n<li>\n<p class=\"ds-markdown-paragraph\">Solidna i bezpieczna konstrukcja<\/p>\n<\/li>\n<li>\n<p class=\"ds-markdown-paragraph\">Miejski szary kolor<\/p>\n<\/li>\n<\/ul>\n<p class=\"ds-markdown-paragraph\"><strong>Zgodno\u015b\u0107<\/strong><\/p>\n<ul>\n<li>\n<p class=\"ds-markdown-paragraph\">Uchwyt \u015bcienny AXIS T91G61<\/p>\n<\/li>\n<li>\n<p class=\"ds-markdown-paragraph\">Uchwyt \u015bcienny AXIS T94J01A<\/p>\n<\/li>\n<li>\n<p class=\"ds-markdown-paragraph\">Seria szaf AXIS T98A<\/p>\n<\/li>\n<li>\n<p class=\"ds-markdown-paragraph\">Modu\u0142 przeka\u017anika sieciowego I\/O AXIS A9188-VE<\/p>\n<\/li>\n<\/ul>\n<p class=\"ds-markdown-paragraph\"><strong>Informacje techniczne<\/strong><\/p>\n<ul>\n<li>\n<p class=\"ds-markdown-paragraph\">Maksymalne obci\u0105\u017cenie: 30 kg<\/p>\n<\/li>\n<li>\n<p class=\"ds-markdown-paragraph\">Materia\u0142: aluminium malowane proszkowo<\/p>\n<\/li>\n<li>\n<p class=\"ds-markdown-paragraph\">Kolor: Szary miejski<\/p>\n<\/li>\n<li>\n<p class=\"ds-markdown-paragraph\">Wymiary: 190 x 214 x 67 mm<\/p>\n<\/li>\n<li>\n<p class=\"ds-markdown-paragraph\">Waga: 1,4 kg<\/p>\n<\/li>\n<li>\n<p class=\"ds-markdown-paragraph\">Zawiera: instrukcj\u0119 monta\u017cu, d\u0142awik kablowy zabezpieczaj\u0105cy przed owadami, paski ze stali nierdzewnej<\/p>\n<\/li>\n<\/ul>\n<p class=\"ds-markdown-paragraph\"><strong>Certyfikaty<\/strong><\/p>\n<ul>\n<li>\n<p class=\"ds-markdown-paragraph\">Bezpiecze\u0144stwo: IEC\/EN\/UL 60950-1, IEC\/EN\/UL 60950-22<\/p>\n<\/li>\n<li>\n<p class=\"ds-markdown-paragraph\">\u015arodowisko: EN 50581<\/p>\n<\/li>\n<li>\n<p class=\"ds-markdown-paragraph\">Uderzenie: IEC 62262 IK10<\/p>\n<\/li>\n<\/ul>\n<\/div>\n<\/div>\n<\/div>\n<\/div>","protected":false},"excerpt":{"rendered":"<p>Axis T91B57 to trwa\u0142e i niezawodne rozwi\u0105zanie do wymagaj\u0105cych instalacji na s\u0142upach, k\u0142ad\u0105ce nacisk na ochron\u0119 i d\u0142ugotrwa\u0142\u0105 wydajno\u015b\u0107.<\/p>","protected":false},"featured_media":160056,"template":"","meta":{"_acf_changed":false},"product_brand":[],"product_cat":[4954],"product_tag":[],"class_list":{"0":"post-160058","1":"product","2":"type-product","3":"status-publish","4":"has-post-thumbnail","6":"product_cat-axis-stativ-fasten","7":"pa_brands-axis","8":"pa_farg-gra","9":"tm-no-options","11":"first","12":"instock","13":"sale","14":"taxable","15":"shipping-taxable","16":"purchasable","17":"product-type-simple"},"acf":[],"_links":{"self":[{"href":"https:\/\/secureus.se\/pl\/wp-json\/wp\/v2\/product\/160058","targetHints":{"allow":["GET"]}}],"collection":[{"href":"https:\/\/secureus.se\/pl\/wp-json\/wp\/v2\/product"}],"about":[{"href":"https:\/\/secureus.se\/pl\/wp-json\/wp\/v2\/types\/product"}],"wp:featuredmedia":[{"embeddable":true,"href":"https:\/\/secureus.se\/pl\/wp-json\/wp\/v2\/media\/160056"}],"wp:attachment":[{"href":"https:\/\/secureus.se\/pl\/wp-json\/wp\/v2\/media?parent=160058"}],"wp:term":[{"taxonomy":"product_brand","embeddable":true,"href":"https:\/\/secureus.se\/pl\/wp-json\/wp\/v2\/product_brand?post=160058"},{"taxonomy":"product_cat","embeddable":true,"href":"https:\/\/secureus.se\/pl\/wp-json\/wp\/v2\/product_cat?post=160058"},{"taxonomy":"product_tag","embeddable":true,"href":"https:\/\/secureus.se\/pl\/wp-json\/wp\/v2\/product_tag?post=160058"}],"curies":[{"name":"wp","href":"https:\/\/api.w.org\/{rel}","templated":true}]}}